{"id":171,"date":"2017-06-19T14:02:45","date_gmt":"2017-06-19T12:02:45","guid":{"rendered":"http:\/\/www.tierhilfeweidenberg.de\/?page_id=171"},"modified":"2025-10-03T20:07:10","modified_gmt":"2025-10-03T18:07:10","slug":"tiervermittlung","status":"publish","type":"page","link":"https:\/\/www.tierhilfeweidenberg.de\/en\/tiervermittlung\/","title":{"rendered":"Animal Adoption"},"content":{"rendered":"<style type='text\/css' media='all'>#rt-tpg-container-3001835681 .rt-holder .rt-woo-info .price{color:#ff7272;}body .rt-tpg-container .rt-tpg-isotope-buttons .selected,\n\t\t\t\t\t#rt-tpg-container-3001835681 .layout12 .rt-holder:hover .rt-detail,\n\t\t\t\t\t#rt-tpg-container-3001835681 .isotope8 .rt-holder:hover .rt-detail,\n\t\t\t\t\t#rt-tpg-container-3001835681 .carousel8 .rt-holder:hover .rt-detail,\n\t\t\t\t\t#rt-tpg-container-3001835681 .layout13 .rt-holder .overlay .post-info,\n\t\t\t\t\t#rt-tpg-container-3001835681 .isotope9 .rt-holder .overlay .post-info,\n\t\t\t\t\t#rt-tpg-container-3001835681.rt-tpg-container .layout4 .rt-holder .rt-detail,\n\t\t\t\t\t.rt-modal-3001835681 .md-content,\n\t\t\t\t\t.rt-modal-3001835681 .md-content > .rt-md-content-holder .rt-md-content,\n\t\t\t\t\t.rt-popup-wrap-3001835681.rt-popup-wrap .rt-popup-navigation-wrap,\n\t\t\t\t\t#rt-tpg-container-3001835681 .carousel9 .rt-holder .overlay .post-info{background-color:#ff7272;}#rt-tpg-container-3001835681 .layout5 .rt-holder .overlay, #rt-tpg-container-3001835681 .isotope2 .rt-holder .overlay, #rt-tpg-container-3001835681 .carousel2 .rt-holder .overlay,#rt-tpg-container-3001835681 .layout15 .rt-holder h3, #rt-tpg-container-3001835681 .isotope11 .rt-holder h3, #rt-tpg-container-3001835681 .carousel11 .rt-holder h3, #rt-tpg-container-3001835681 .layout16 .rt-holder h3,\n\t\t\t\t\t#rt-tpg-container-3001835681 .isotope12 .rt-holder h3, #rt-tpg-container-3001835681 .carousel12 .rt-holder h3 {background-color:rgba(255,114,114,0.8);}#rt-tpg-container-3001835681 .pagination-list li a,\n\t\t\t\t\trt-tpg-container-3001835681 .pagination-list li span,\n\t\t\t\t\trt-tpg-container-3001835681 .pagination li a,\n\t\t\t\t\t#rt-tpg-container-3001835681 .rt-tpg-isotope-buttons button,\n\t\t\t\t\t#rt-tpg-container-3001835681 .rt-tpg-utility .rt-tpg-load-more button,\n\t\t\t\t\t#rt-tpg-container-3001835681.rt-tpg-container .swiper-navigation .slider-btn,\n\t\t\t\t\t#rt-tpg-container-3001835681.rt-tpg-container .swiper-pagination-bullet,\n\t\t\t\t\t#rt-tpg-container-3001835681 .wc1 .rt-holder .rt-img-holder .overlay .product-more ul li a,\n\t\t\t\t\t#rt-tpg-container-3001835681 .wc2 .rt-detail .rt-wc-add-to-cart,\n\t\t\t\t\t#rt-tpg-container-3001835681 .wc3 .rt-detail .rt-wc-add-to-cart,\n\t\t\t\t\t#rt-tpg-container-3001835681 .wc4 .rt-detail .rt-wc-add-to-cart,\n\t\t\t\t\t#rt-tpg-container-3001835681 .wc-carousel2 .rt-detail .rt-wc-add-to-cart,\n\t\t\t\t\t#rt-tpg-container-3001835681 .wc-isotope2 .rt-detail .rt-wc-add-to-cart,\n\t\t\t\t\t#rt-tpg-container-3001835681 .rt-layout-filter-container .rt-filter-wrap .rt-filter-item-wrap.rt-filter-dropdown-wrap .rt-filter-dropdown,\n\t\t\t\t\t#rt-tpg-container-3001835681 .rt-layout-filter-container .rt-filter-sub-tax.sub-button-group .rt-filter-button-item,\n\t\t\t\t\t#rt-tpg-container-3001835681.rt-tpg-container .rt-pagination-wrap .rt-page-numbers .paginationjs .paginationjs-pages ul li>a,\n\t\t\t\t\t#rt-tpg-container-3001835681 .rt-filter-item-wrap.rt-filter-button-wrap span.rt-filter-button-item,\n\t\t\t\t\t#rt-tpg-container-3001835681.rt-tpg-container .rt-pagination-wrap  .rt-loadmore-btn,\n\t\t\t\t\t#rt-tpg-container-3001835681.rt-tpg-container .rt-pagination-wrap .rt-cb-page-prev-next > *,\n\t\t\t\t\t#rt-tpg-container-3001835681 .rt-read-more,\n\t\t\t\t\t#rt-tooltip-3001835681, #rt-tooltip-3001835681 .rt-tooltip-bottom:after{background-color:#d1d1d1;}#rt-tpg-container-3001835681 .rt-filter-item-wrap.rt-filter-button-wrap span.rt-filter-button-item,\n\t\t\t\t\t#rt-tpg-container-3001835681 .rt-layout-filter-container .rt-filter-sub-tax.sub-button-group .rt-filter-button-item{border-color:#d1d1d1;}#rt-tpg-container-3001835681.rt-tpg-container .layout17 .rt-holder .overlay a.tpg-zoom .fa{color:#d1d1d1;}#rt-tpg-container-3001835681 .rt-holder .read-more a {background-color:#d1d1d1;padding: 8px 15px;}#rt-tpg-container-3001835681 .read-more a{border-radius:px;}#rt-tpg-container-3001835681 .rt-img-holder img.rt-img-responsive,#rt-tpg-container-3001835681 .rt-img-holder,\n\t\t\t\t\t#rt-tpg-container-3001835681 .rt-post-overlay .post-img,\n\t\t\t\t\t#rt-tpg-container-3001835681 .post-sm .post-img,\n\t\t\t\t\t#rt-tpg-container-3001835681 .rt-post-grid .post-img,\n\t\t\t\t\t#rt-tpg-container-3001835681 .post-img img {border-radius:px;}<\/style><div class='rt-container-fluid rt-tpg-container tpg-shortcode-main-wrapper ' id='rt-tpg-container-3001835681'   data-layout='layout1' data-grid-style='even' data-desktop-col='2'  data-tab-col='2'  data-mobile-col='1' data-sc-id='170'><div data-title='Loading ...' class='rt-row rt-content-loader   layout1 tpg-even '><div class=\"rt-col-md-6 rt-col-sm-6 rt-col-xs-12 even-grid-item rt-grid-item\" data-id=\"5150\"><div class=\"rt-holder\"><div class=\"rt-img-holder\"><a data-id=\"5150\" class=\"\" href=\"https:\/\/www.tierhilfeweidenberg.de\/en\/lynn\/\"><img loading=\"lazy\" decoding=\"async\" class=\"rt-img-responsive \" src=\"https:\/\/www.tierhilfeweidenberg.de\/wp-content\/uploads\/2026\/04\/IMG-20260429-WA0021-1-1024x768.jpg\" width=\"1024\" height=\"768\" alt=\"Lynn\" \/><\/a><\/div><div class='rt-detail'><h3 class=\"entry-title\"><a data-id=\"5150\" class=\"\" href=\"https:\/\/www.tierhilfeweidenberg.de\/en\/lynn\/\">Lynn<\/a><\/h3><div class='post-meta-user  '><span class='author'><i class='fa fa-user '><\/i><a href=\"https:\/\/www.tierhilfeweidenberg.de\/en\/author\/moderator\/\">Tierhilfe Weidenberg<\/a><\/span><span class='date'><i class='far fa-calendar-alt '><\/i>30.04.2026<\/span><\/div><div class='tpg-excerpt'>\ud83d\udc3e Lynn sucht ihr F\u00fcr-immer-Zuhause \ud83d\udc3e \ud835\uddd4\ud835\uddf9\ud835\uddf9\ud835\uddf4\ud835\uddf2\ud835\uddfa\ud835\uddf2\ud835\uddf6\ud835\uddfb\ud835\uddf2\ud835\ude00Die zauberhafte Lynn ist etwa drei bis vier Jahre alt und bringt mit ihrem charmanten Aussehen sofort jedes Herz zum Schmelzen. In ihr steckt &hellip; <a href=\"https:\/\/www.tierhilfeweidenberg.de\/en\/lynn\/\">Continue reading Lynn &rarr;<\/a>...<\/div><div class='post-meta '><span class='read-more'><a data-id='5150' class='' href='https:\/\/www.tierhilfeweidenberg.de\/en\/lynn\/'>Read More<\/a><\/span><\/div><\/div><\/div><\/div><div class=\"rt-col-md-6 rt-col-sm-6 rt-col-xs-12 even-grid-item rt-grid-item\" data-id=\"5145\"><div class=\"rt-holder\"><div class=\"rt-img-holder\"><a data-id=\"5145\" class=\"\" href=\"https:\/\/www.tierhilfeweidenberg.de\/en\/tippers\/\"><img loading=\"lazy\" decoding=\"async\" class=\"rt-img-responsive \" src=\"https:\/\/www.tierhilfeweidenberg.de\/wp-content\/uploads\/2025\/04\/IMG-20250409-WA0001-768x1024.jpg\" width=\"768\" height=\"1024\" alt=\"Tippers\" \/><\/a><\/div><div class='rt-detail'><h3 class=\"entry-title\"><a data-id=\"5145\" class=\"\" href=\"https:\/\/www.tierhilfeweidenberg.de\/en\/tippers\/\">Tippers<\/a><\/h3><div class='post-meta-user  '><span class='author'><i class='fa fa-user '><\/i><a href=\"https:\/\/www.tierhilfeweidenberg.de\/en\/author\/moderator\/\">Tierhilfe Weidenberg<\/a><\/span><span class='date'><i class='far fa-calendar-alt '><\/i>28.04.2026<\/span><\/div><div class='tpg-excerpt'>Ich bin der kleine Tippers (geb. ca. Juli\/August 2024).Mein Spitzname ist Tippi, weil ich mit der Pfote gerne auf F\u00fc\u00dfe oder Beine meines Menschen tippe. Bei fremdem Besuch habe ich &hellip; <a href=\"https:\/\/www.tierhilfeweidenberg.de\/en\/tippers\/\">Continue reading Tippers &rarr;<\/a>...<\/div><div class='post-meta '><span class='read-more'><a data-id='5145' class='' href='https:\/\/www.tierhilfeweidenberg.de\/en\/tippers\/'>Read More<\/a><\/span><\/div><\/div><\/div><\/div><div class=\"rt-col-md-6 rt-col-sm-6 rt-col-xs-12 even-grid-item rt-grid-item\" data-id=\"5139\"><div class=\"rt-holder\"><div class=\"rt-img-holder\"><a data-id=\"5139\" class=\"\" href=\"https:\/\/www.tierhilfeweidenberg.de\/en\/urmel-angel\/\"><img loading=\"lazy\" decoding=\"async\" class=\"rt-img-responsive \" src=\"https:\/\/www.tierhilfeweidenberg.de\/wp-content\/uploads\/2026\/04\/IMG-20260423-WA0042-1024x638.jpg\" width=\"1024\" height=\"638\" alt=\"Urmel &amp; Angel\" \/><\/a><\/div><div class='rt-detail'><h3 class=\"entry-title\"><a data-id=\"5139\" class=\"\" href=\"https:\/\/www.tierhilfeweidenberg.de\/en\/urmel-angel\/\">Urmel &amp; Angel<\/a><\/h3><div class='post-meta-user  '><span class='author'><i class='fa fa-user '><\/i><a href=\"https:\/\/www.tierhilfeweidenberg.de\/en\/author\/moderator\/\">Tierhilfe Weidenberg<\/a><\/span><span class='date'><i class='far fa-calendar-alt '><\/i>27.04.2026<\/span><\/div><div class='tpg-excerpt'>Angel (geb. Mitte Oktober 2024) und Urmel (geb. Januar 2024) haben sich auf unserer Pflegestelle in Veitsbronn (LK F\u00fcrth) kennen- und liebengelernt. Oft findet man die beiden Samtpfoten eng aneinander &hellip; <a href=\"https:\/\/www.tierhilfeweidenberg.de\/en\/urmel-angel\/\">Continue reading Urmel &amp; Angel &rarr;<\/a>...<\/div><div class='post-meta '><span class='read-more'><a data-id='5139' class='' href='https:\/\/www.tierhilfeweidenberg.de\/en\/urmel-angel\/'>Read More<\/a><\/span><\/div><\/div><\/div><\/div><div class=\"rt-col-md-6 rt-col-sm-6 rt-col-xs-12 even-grid-item rt-grid-item\" data-id=\"5133\"><div class=\"rt-holder\"><div class=\"rt-img-holder\"><a data-id=\"5133\" class=\"\" href=\"https:\/\/www.tierhilfeweidenberg.de\/en\/buddy-grumpy\/\"><img loading=\"lazy\" decoding=\"async\" class=\"rt-img-responsive \" src=\"https:\/\/www.tierhilfeweidenberg.de\/wp-content\/uploads\/2026\/04\/IMG-20260401-WA0084-768x1024.jpg\" width=\"768\" height=\"1024\" alt=\"Buddy &amp; Grumpy\" \/><\/a><\/div><div class='rt-detail'><h3 class=\"entry-title\"><a data-id=\"5133\" class=\"\" href=\"https:\/\/www.tierhilfeweidenberg.de\/en\/buddy-grumpy\/\">Buddy &amp; Grumpy<\/a><\/h3><div class='post-meta-user  '><span class='author'><i class='fa fa-user '><\/i><a href=\"https:\/\/www.tierhilfeweidenberg.de\/en\/author\/moderator\/\">Tierhilfe Weidenberg<\/a><\/span><span class='date'><i class='far fa-calendar-alt '><\/i>26.04.2026<\/span><\/div><div class='tpg-excerpt'>Buddy &amp; Grumpy (geb. ca. im Juli 2025) stammen aus unserer letztj\u00e4hrigen Einfang- und Kastrationsaktion bei Betzenstein. Die 2 Rabauken \u00fcbertreiben es gerne mal beim ausgelassenen Spielen und lassen dabei &hellip; <a href=\"https:\/\/www.tierhilfeweidenberg.de\/en\/buddy-grumpy\/\">Continue reading Buddy &amp; Grumpy &rarr;<\/a>...<\/div><div class='post-meta '><span class='read-more'><a data-id='5133' class='' href='https:\/\/www.tierhilfeweidenberg.de\/en\/buddy-grumpy\/'>Read More<\/a><\/span><\/div><\/div><\/div><\/div><div class=\"rt-col-md-6 rt-col-sm-6 rt-col-xs-12 even-grid-item rt-grid-item\" data-id=\"5122\"><div class=\"rt-holder\"><div class=\"rt-img-holder\"><a data-id=\"5122\" class=\"\" href=\"https:\/\/www.tierhilfeweidenberg.de\/en\/nicky\/\"><img loading=\"lazy\" decoding=\"async\" class=\"rt-img-responsive \" src=\"https:\/\/www.tierhilfeweidenberg.de\/wp-content\/uploads\/2026\/04\/IMG-20260423-WA0044-1024x669.jpg\" width=\"1024\" height=\"669\" alt=\"Nicky\" \/><\/a><\/div><div class='rt-detail'><h3 class=\"entry-title\"><a data-id=\"5122\" class=\"\" href=\"https:\/\/www.tierhilfeweidenberg.de\/en\/nicky\/\">Nicky<\/a><\/h3><div class='post-meta-user  '><span class='author'><i class='fa fa-user '><\/i><a href=\"https:\/\/www.tierhilfeweidenberg.de\/en\/author\/moderator\/\">Tierhilfe Weidenberg<\/a><\/span><span class='date'><i class='far fa-calendar-alt '><\/i>25.04.2026<\/span><\/div><div class='tpg-excerpt'>Nicky (geboren ca. Ende August 2025) lebte als einzelnes Kitten nahe eines gef\u00e4hrlichen Kreisverkehrs. Der kleine Kater wurde mehrmals von Passanten gesehen und uns gemeldet. Gott sei Dank konnte er &hellip; <a href=\"https:\/\/www.tierhilfeweidenberg.de\/en\/nicky\/\">Continue reading Nicky &rarr;<\/a>...<\/div><div class='post-meta '><span class='read-more'><a data-id='5122' class='' href='https:\/\/www.tierhilfeweidenberg.de\/en\/nicky\/'>Read More<\/a><\/span><\/div><\/div><\/div><\/div><div class=\"rt-col-md-6 rt-col-sm-6 rt-col-xs-12 even-grid-item rt-grid-item\" data-id=\"5115\"><div class=\"rt-holder\"><div class=\"rt-img-holder\"><a data-id=\"5115\" class=\"\" href=\"https:\/\/www.tierhilfeweidenberg.de\/en\/chico\/\"><img loading=\"lazy\" decoding=\"async\" class=\"rt-img-responsive \" src=\"https:\/\/www.tierhilfeweidenberg.de\/wp-content\/uploads\/2026\/04\/IMG-20260423-WA0050-1-1024x986.jpg\" width=\"1024\" height=\"986\" alt=\"Chico\" \/><\/a><\/div><div class='rt-detail'><h3 class=\"entry-title\"><a data-id=\"5115\" class=\"\" href=\"https:\/\/www.tierhilfeweidenberg.de\/en\/chico\/\">Chico<\/a><\/h3><div class='post-meta-user  '><span class='author'><i class='fa fa-user '><\/i><a href=\"https:\/\/www.tierhilfeweidenberg.de\/en\/author\/moderator\/\">Tierhilfe Weidenberg<\/a><\/span><span class='date'><i class='far fa-calendar-alt '><\/i>24.04.2026<\/span><\/div><div class='tpg-excerpt'>Chico (geb. November 2025) wurde Ende Januar 2026 bei unserer Pflegestelle in Veitsbronn (LK F\u00fcrth) abgegeben. Der quirlige Kater ist ein wahrer Schmuseweltmeister, der seinesgleichen sucht. F\u00fcr Chico w\u00fcnschen wir &hellip; <a href=\"https:\/\/www.tierhilfeweidenberg.de\/en\/chico\/\">Continue reading Chico &rarr;<\/a>...<\/div><div class='post-meta '><span class='read-more'><a data-id='5115' class='' href='https:\/\/www.tierhilfeweidenberg.de\/en\/chico\/'>Read More<\/a><\/span><\/div><\/div><\/div><\/div><div class=\"rt-col-md-6 rt-col-sm-6 rt-col-xs-12 even-grid-item rt-grid-item\" data-id=\"5085\"><div class=\"rt-holder\"><div class=\"rt-img-holder\"><a data-id=\"5085\" class=\"\" href=\"https:\/\/www.tierhilfeweidenberg.de\/en\/poppy-pixie\/\"><img loading=\"lazy\" decoding=\"async\" class=\"rt-img-responsive \" src=\"https:\/\/www.tierhilfeweidenberg.de\/wp-content\/uploads\/2026\/04\/IMG-20260420-WA0024-541x1024.jpg\" width=\"541\" height=\"1024\" alt=\"Poppy &amp; Pixie\" \/><\/a><\/div><div class='rt-detail'><h3 class=\"entry-title\"><a data-id=\"5085\" class=\"\" href=\"https:\/\/www.tierhilfeweidenberg.de\/en\/poppy-pixie\/\">Poppy &amp; Pixie<\/a><\/h3><div class='post-meta-user  '><span class='author'><i class='fa fa-user '><\/i><a href=\"https:\/\/www.tierhilfeweidenberg.de\/en\/author\/moderator\/\">Tierhilfe Weidenberg<\/a><\/span><span class='date'><i class='far fa-calendar-alt '><\/i>21.04.2026<\/span><\/div><div class='tpg-excerpt'>Diese beiden etwa 2 j\u00e4hrigen M\u00e4dels der Rasse \u201eRussenkaninchen\u201c wurden in einem dunklen, verdreckten Stall gehalten. Pixie und Poppy waren am Anfang total \u00e4ngstlich und trauten sich auf unserer Pflegestelle &hellip; <a href=\"https:\/\/www.tierhilfeweidenberg.de\/en\/poppy-pixie\/\">Continue reading Poppy &amp; Pixie &rarr;<\/a>...<\/div><div class='post-meta '><span class='read-more'><a data-id='5085' class='' href='https:\/\/www.tierhilfeweidenberg.de\/en\/poppy-pixie\/'>Read More<\/a><\/span><\/div><\/div><\/div><\/div><div class=\"rt-col-md-6 rt-col-sm-6 rt-col-xs-12 even-grid-item rt-grid-item\" data-id=\"4970\"><div class=\"rt-holder\"><div class=\"rt-img-holder\"><a data-id=\"4970\" class=\"\" href=\"https:\/\/www.tierhilfeweidenberg.de\/en\/ewok\/\"><img loading=\"lazy\" decoding=\"async\" class=\"rt-img-responsive \" src=\"https:\/\/www.tierhilfeweidenberg.de\/wp-content\/uploads\/2026\/02\/IMG-20260127-WA0011-1024x973.jpg\" width=\"1024\" height=\"973\" alt=\"Ewok (Reserviert)\" \/><\/a><\/div><div class='rt-detail'><h3 class=\"entry-title\"><a data-id=\"4970\" class=\"\" href=\"https:\/\/www.tierhilfeweidenberg.de\/en\/ewok\/\">Ewok (Reserviert)<\/a><\/h3><div class='post-meta-user  '><span class='author'><i class='fa fa-user '><\/i><a href=\"https:\/\/www.tierhilfeweidenberg.de\/en\/author\/moderator\/\">Tierhilfe Weidenberg<\/a><\/span><span class='date'><i class='far fa-calendar-alt '><\/i>08.02.2026<\/span><\/div><div class='tpg-excerpt'>Unser Ewok (geb. 2023, kastriert, gechippt) ist ein liebenswerter, sehr menschenbezogener Langhaarkater, f\u00fcr den wir ein neues Zuhause bei verst\u00e4ndnisvollen Leuten suchen. Ewok hat immer mal wieder seine Wehwehchen (Magen, &hellip; <a href=\"https:\/\/www.tierhilfeweidenberg.de\/en\/ewok\/\">Continue reading Ewok (Reserviert) &rarr;<\/a>...<\/div><div class='post-meta '><span class='read-more'><a data-id='4970' class='' href='https:\/\/www.tierhilfeweidenberg.de\/en\/ewok\/'>Read More<\/a><\/span><\/div><\/div><\/div><\/div><div class=\"rt-col-md-6 rt-col-sm-6 rt-col-xs-12 even-grid-item rt-grid-item\" data-id=\"4952\"><div class=\"rt-holder\"><div class=\"rt-img-holder\"><a data-id=\"4952\" class=\"\" href=\"https:\/\/www.tierhilfeweidenberg.de\/en\/kuddels-snickers\/\"><img loading=\"lazy\" decoding=\"async\" class=\"rt-img-responsive \" src=\"https:\/\/www.tierhilfeweidenberg.de\/wp-content\/uploads\/2026\/02\/IMG-20260127-WA0006-768x1024.jpg\" width=\"768\" height=\"1024\" alt=\"Kuddels &amp; Snickers\" \/><\/a><\/div><div class='rt-detail'><h3 class=\"entry-title\"><a data-id=\"4952\" class=\"\" href=\"https:\/\/www.tierhilfeweidenberg.de\/en\/kuddels-snickers\/\">Kuddels &amp; Snickers<\/a><\/h3><div class='post-meta-user  '><span class='author'><i class='fa fa-user '><\/i><a href=\"https:\/\/www.tierhilfeweidenberg.de\/en\/author\/moderator\/\">Tierhilfe Weidenberg<\/a><\/span><span class='date'><i class='far fa-calendar-alt '><\/i>01.02.2026<\/span><\/div><div class='tpg-excerpt'>Kuddels &amp; Snickers (geb. ca. Mai 2025) kamen im Rahmen einer Einfangaktion in Weidenberg auf unsere Pflegestelle in 91257 Pegnitz. Haben die beiden liebenswerten Br\u00fcder ihre anf\u00e4ngliche Sch\u00fcchternheit \u00fcberwunden, werden &hellip; <a href=\"https:\/\/www.tierhilfeweidenberg.de\/en\/kuddels-snickers\/\">Continue reading Kuddels &amp; Snickers &rarr;<\/a>...<\/div><div class='post-meta '><span class='read-more'><a data-id='4952' class='' href='https:\/\/www.tierhilfeweidenberg.de\/en\/kuddels-snickers\/'>Read More<\/a><\/span><\/div><\/div><\/div><\/div><div class=\"rt-col-md-6 rt-col-sm-6 rt-col-xs-12 even-grid-item rt-grid-item\" data-id=\"4940\"><div class=\"rt-holder\"><div class=\"rt-img-holder\"><a data-id=\"4940\" class=\"\" href=\"https:\/\/www.tierhilfeweidenberg.de\/en\/pauli-und-ellie\/\"><img loading=\"lazy\" decoding=\"async\" class=\"rt-img-responsive \" src=\"https:\/\/www.tierhilfeweidenberg.de\/wp-content\/uploads\/2026\/01\/IMG-20240724-WA0005-1024x767.jpg\" width=\"1024\" height=\"767\" alt=\"Charly (vermittelt) und Ellie\" \/><\/a><\/div><div class='rt-detail'><h3 class=\"entry-title\"><a data-id=\"4940\" class=\"\" href=\"https:\/\/www.tierhilfeweidenberg.de\/en\/pauli-und-ellie\/\">Charly (vermittelt) und Ellie<\/a><\/h3><div class='post-meta-user  '><span class='author'><i class='fa fa-user '><\/i><a href=\"https:\/\/www.tierhilfeweidenberg.de\/en\/author\/moderator\/\">Tierhilfe Weidenberg<\/a><\/span><span class='date'><i class='far fa-calendar-alt '><\/i>20.01.2026<\/span><\/div><div class='tpg-excerpt'>Die Tierhilfe Weidenberg beherbergt viele Katzen, die etwas l\u00e4nger zum Vertrauensaufbau ben\u00f6tigen als andere Tiere. Charly (\u2642\ufe0f geb. 01\/21) und Ellie (\u2640\ufe0f geb. 03\/24) sind 2 ebensolche Vertreter, die bei &hellip; <a href=\"https:\/\/www.tierhilfeweidenberg.de\/en\/pauli-und-ellie\/\">Continue reading Charly (vermittelt) und Ellie &rarr;<\/a>...<\/div><div class='post-meta '><span class='read-more'><a data-id='4940' class='' href='https:\/\/www.tierhilfeweidenberg.de\/en\/pauli-und-ellie\/'>Read More<\/a><\/span><\/div><\/div><\/div><\/div><div class=\"rt-col-md-6 rt-col-sm-6 rt-col-xs-12 even-grid-item rt-grid-item\" data-id=\"4759\"><div class=\"rt-holder\"><div class=\"rt-img-holder\"><a data-id=\"4759\" class=\"\" href=\"https:\/\/www.tierhilfeweidenberg.de\/en\/leo\/\"><img loading=\"lazy\" decoding=\"async\" class=\"rt-img-responsive \" src=\"https:\/\/www.tierhilfeweidenberg.de\/wp-content\/uploads\/2025\/09\/IMG-20250929-WA0029-928x1024.jpg\" width=\"928\" height=\"1024\" alt=\"Leo\" \/><\/a><\/div><div class='rt-detail'><h3 class=\"entry-title\"><a data-id=\"4759\" class=\"\" href=\"https:\/\/www.tierhilfeweidenberg.de\/en\/leo\/\">Leo<\/a><\/h3><div class='post-meta-user  '><span class='author'><i class='fa fa-user '><\/i><a href=\"https:\/\/www.tierhilfeweidenberg.de\/en\/author\/moderator\/\">Tierhilfe Weidenberg<\/a><\/span><span class='date'><i class='far fa-calendar-alt '><\/i>30.09.2025<\/span><\/div><div class='tpg-excerpt'>Leo (ca. 1,5 Jahre), den wir im Rahmen einer Einfangaktion im Landkreis AS aufgenommen haben, ist &#8211; wie sein Bruder Lu &#8211; ein echter Traumkater. Leo kuschelt f\u00fcr sein Leben &hellip; <a href=\"https:\/\/www.tierhilfeweidenberg.de\/en\/leo\/\">Continue reading Leo &rarr;<\/a>...<\/div><div class='post-meta '><span class='read-more'><a data-id='4759' class='' href='https:\/\/www.tierhilfeweidenberg.de\/en\/leo\/'>Read More<\/a><\/span><\/div><\/div><\/div><\/div><div class=\"rt-col-md-6 rt-col-sm-6 rt-col-xs-12 even-grid-item rt-grid-item\" data-id=\"4504\"><div class=\"rt-holder\"><div class=\"rt-img-holder\"><a data-id=\"4504\" class=\"\" href=\"https:\/\/www.tierhilfeweidenberg.de\/en\/kisa\/\"><img loading=\"lazy\" decoding=\"async\" class=\"rt-img-responsive \" src=\"https:\/\/www.tierhilfeweidenberg.de\/wp-content\/uploads\/2025\/04\/IMG-20250317-WA0014-837x1024.jpg\" width=\"837\" height=\"1024\" alt=\"Kisa\" \/><\/a><\/div><div class='rt-detail'><h3 class=\"entry-title\"><a data-id=\"4504\" class=\"\" href=\"https:\/\/www.tierhilfeweidenberg.de\/en\/kisa\/\">Kisa<\/a><\/h3><div class='post-meta-user  '><span class='author'><i class='fa fa-user '><\/i><a href=\"https:\/\/www.tierhilfeweidenberg.de\/en\/author\/moderator\/\">Tierhilfe Weidenberg<\/a><\/span><span class='date'><i class='far fa-calendar-alt '><\/i>09.04.2025<\/span><\/div><div class='tpg-excerpt'>Kisa (wei\u00df, geb. Ende 2020) stammt aus Unter\u00f6lschnitz und kam damals hochtragend auf unsere Pflegestelle. Leider musste die zarte Samtpfote die Totgeburt ihrer Kitten verkraften, fand dann aber bei den &hellip; <a href=\"https:\/\/www.tierhilfeweidenberg.de\/en\/kisa\/\">Continue reading Kisa &rarr;<\/a>...<\/div><div class='post-meta '><span class='read-more'><a data-id='4504' class='' href='https:\/\/www.tierhilfeweidenberg.de\/en\/kisa\/'>Read More<\/a><\/span><\/div><\/div><\/div><\/div><div class=\"rt-col-md-6 rt-col-sm-6 rt-col-xs-12 even-grid-item rt-grid-item\" data-id=\"4497\"><div class=\"rt-holder\"><div class=\"rt-img-holder\"><a data-id=\"4497\" class=\"\" href=\"https:\/\/www.tierhilfeweidenberg.de\/en\/stella\/\"><img loading=\"lazy\" decoding=\"async\" class=\"rt-img-responsive \" src=\"https:\/\/www.tierhilfeweidenberg.de\/wp-content\/uploads\/2025\/04\/IMG-20250323-WA0058-841x1024.jpg\" width=\"841\" height=\"1024\" alt=\"Stella\" \/><\/a><\/div><div class='rt-detail'><h3 class=\"entry-title\"><a data-id=\"4497\" class=\"\" href=\"https:\/\/www.tierhilfeweidenberg.de\/en\/stella\/\">Stella<\/a><\/h3><div class='post-meta-user  '><span class='author'><i class='fa fa-user '><\/i><a href=\"https:\/\/www.tierhilfeweidenberg.de\/en\/author\/moderator\/\">Tierhilfe Weidenberg<\/a><\/span><span class='date'><i class='far fa-calendar-alt '><\/i>06.04.2025<\/span><\/div><div class='tpg-excerpt'>Stella (geb. 05\/2024), unsere schwarze Sch\u00f6nheit, stammt von einem Hof im Landkreis Wunsiedel. Ist die erste Sch\u00fcchternheit Fremden gegen\u00fcber erst einmal \u00fcberwunden, zeigt Stella ihr wahres zauberhaftes Wesen, tobt, spielt &hellip; <a href=\"https:\/\/www.tierhilfeweidenberg.de\/en\/stella\/\">Continue reading Stella &rarr;<\/a>...<\/div><div class='post-meta '><span class='read-more'><a data-id='4497' class='' href='https:\/\/www.tierhilfeweidenberg.de\/en\/stella\/'>Read More<\/a><\/span><\/div><\/div><\/div><\/div><div class=\"rt-col-md-6 rt-col-sm-6 rt-col-xs-12 even-grid-item rt-grid-item\" data-id=\"2249\"><div class=\"rt-holder\"><div class='rt-detail'><h3 class=\"entry-title\"><a data-id=\"2249\" class=\"\" href=\"https:\/\/www.tierhilfeweidenberg.de\/en\/was-gibt-ein-verein-im-schnitt-fuer-eine-katze-aus\/\">Was gibt ein Verein im Schnitt f\u00fcr eine Katze aus?<\/a><\/h3><div class='post-meta-user  '><span class='author'><i class='fa fa-user '><\/i><a href=\"https:\/\/www.tierhilfeweidenberg.de\/en\/author\/moderator\/\">Tierhilfe Weidenberg<\/a><\/span><span class='date'><i class='far fa-calendar-alt '><\/i>26.08.2020<\/span><\/div><div class='tpg-excerpt'>Aktualisiert am 05.06.2024 Preise ohne Mehrwertsteuer Kosten Kitten \u00a0 Allgemeine Untersuchung 23,62 \u20ac Wurmkur 13,03 \u20ac Entflohen 11,53 \u20ac Impfen 50,00 \u20ac Gesamt ohne Chip 98,18 \u20ac Chippen 10,00 \u20ac &hellip; <a href=\"https:\/\/www.tierhilfeweidenberg.de\/en\/was-gibt-ein-verein-im-schnitt-fuer-eine-katze-aus\/\">Continue reading Was gibt ein Verein im Schnitt f\u00fcr eine Katze aus? &rarr;<\/a>...<\/div><div class='post-meta '><span class='read-more'><a data-id='2249' class='' href='https:\/\/www.tierhilfeweidenberg.de\/en\/was-gibt-ein-verein-im-schnitt-fuer-eine-katze-aus\/'>Read More<\/a><\/span><\/div><\/div><\/div><\/div><\/div><\/div>\n\n\n<p><\/p>\n","protected":false},"excerpt":{"rendered":"","protected":false},"author":1,"featured_media":0,"parent":0,"menu_order":0,"comment_status":"closed","ping_status":"closed","template":"","meta":{"_EventAllDay":false,"_EventTimezone":"","_EventStartDate":"","_EventEndDate":"","_EventStartDateUTC":"","_EventEndDateUTC":"","_EventShowMap":false,"_EventShowMapLink":false,"_EventURL":"","_EventCost":"","_EventCostDescription":"","_EventCurrencySymbol":"","_EventCurrencyCode":"","_EventCurrencyPosition":"","_EventDateTimeSeparator":"","_EventTimeRangeSeparator":"","_EventOrganizerID":[],"_EventVenueID":[],"_OrganizerEmail":"","_OrganizerPhone":"","_OrganizerWebsite":"","_VenueAddress":"","_VenueCity":"","_VenueCountry":"","_VenueProvince":"","_VenueState":"","_VenueZip":"","_VenuePhone":"","_VenueURL":"","_VenueStateProvince":"","_VenueLat":"","_VenueLng":"","_VenueShowMap":false,"_VenueShowMapLink":false,"footnotes":""},"class_list":["post-171","page","type-page","status-publish","hentry"],"translation":{"provider":"WPGlobus","version":"3.0.2","language":"en","enabled_languages":["de","en"],"languages":{"de":{"title":true,"content":true,"excerpt":false},"en":{"title":true,"content":true,"excerpt":false}}},"rttpg_featured_image_url":null,"rttpg_author":{"display_name":"admin","author_link":"https:\/\/www.tierhilfeweidenberg.de\/en\/author\/redaktion\/"},"rttpg_comment":0,"rttpg_category":"","rttpg_excerpt":null,"_links":{"self":[{"href":"https:\/\/www.tierhilfeweidenberg.de\/en\/wp-json\/wp\/v2\/pages\/171","targetHints":{"allow":["GET"]}}],"collection":[{"href":"https:\/\/www.tierhilfeweidenberg.de\/en\/wp-json\/wp\/v2\/pages"}],"about":[{"href":"https:\/\/www.tierhilfeweidenberg.de\/en\/wp-json\/wp\/v2\/types\/page"}],"author":[{"embeddable":true,"href":"https:\/\/www.tierhilfeweidenberg.de\/en\/wp-json\/wp\/v2\/users\/1"}],"replies":[{"embeddable":true,"href":"https:\/\/www.tierhilfeweidenberg.de\/en\/wp-json\/wp\/v2\/comments?post=171"}],"version-history":[{"count":20,"href":"https:\/\/www.tierhilfeweidenberg.de\/en\/wp-json\/wp\/v2\/pages\/171\/revisions"}],"predecessor-version":[{"id":4798,"href":"https:\/\/www.tierhilfeweidenberg.de\/en\/wp-json\/wp\/v2\/pages\/171\/revisions\/4798"}],"wp:attachment":[{"href":"https:\/\/www.tierhilfeweidenberg.de\/en\/wp-json\/wp\/v2\/media?parent=171"}],"curies":[{"name":"wp","href":"https:\/\/api.w.org\/{rel}","templated":true}]}}